{"id":2404,"date":"2025-03-21T09:07:43","date_gmt":"2025-03-21T09:07:43","guid":{"rendered":"https:\/\/portadrianomusic.es\/politica-de-privacidad\/"},"modified":"2025-06-02T07:53:35","modified_gmt":"2025-06-02T07:53:35","slug":"politica-de-privacitat","status":"publish","type":"page","link":"https:\/\/portadrianomusic.es\/ca\/politica-de-privacitat\/","title":{"rendered":"Pol\u00edtica de Privacitat"},"content":{"rendered":"<p>[et_pb_section fb_built=&#8221;1&#8243; _builder_version=&#8221;4.27.4&#8243; background_color=&#8221;#EF7A31&#8243; global_colors_info=&#8221;{}&#8221; da_is_popup=&#8221;off&#8221; da_exit_intent=&#8221;off&#8221; da_has_close=&#8221;on&#8221; da_alt_close=&#8221;off&#8221; da_dark_close=&#8221;off&#8221; da_not_modal=&#8221;on&#8221; da_is_singular=&#8221;off&#8221; da_with_loader=&#8221;off&#8221; da_has_shadow=&#8221;on&#8221; da_disable_devices=&#8221;off|off|off&#8221;][et_pb_row _builder_version=&#8221;4.27.4&#8243; _module_preset=&#8221;default&#8221; global_colors_info=&#8221;{}&#8221;][et_pb_column type=&#8221;4_4&#8243; _builder_version=&#8221;4.27.4&#8243; _module_preset=&#8221;default&#8221; global_colors_info=&#8221;{}&#8221;][et_pb_divider show_divider=&#8221;off&#8221; _builder_version=&#8221;4.27.4&#8243; _module_preset=&#8221;default&#8221; global_colors_info=&#8221;{}&#8221;][\/et_pb_divider][\/et_pb_column][\/et_pb_row][et_pb_row _builder_version=&#8221;4.16&#8243; background_size=&#8221;initial&#8221; background_position=&#8221;top_left&#8221; background_repeat=&#8221;repeat&#8221; global_colors_info=&#8221;{}&#8221;][et_pb_column type=&#8221;4_4&#8243; _builder_version=&#8221;4.16&#8243; custom_padding=&#8221;|||&#8221; global_colors_info=&#8221;{}&#8221; custom_padding__hover=&#8221;|||&#8221;][et_pb_text _builder_version=&#8221;4.27.4&#8243; _module_preset=&#8221;default&#8221; header_2_font=&#8221;FolioStdBook||||||||&#8221; header_2_font_size=&#8221;70px&#8221; custom_margin=&#8221;||30px|||&#8221; hover_enabled=&#8221;0&#8243; header_2_font_size_tablet=&#8221;50px&#8221; header_2_font_size_phone=&#8221;30px&#8221; header_2_font_size_last_edited=&#8221;on|tablet&#8221; locked=&#8221;off&#8221; global_colors_info=&#8221;{}&#8221; sticky_enabled=&#8221;0&#8243;]<\/p>\n<h2>Pol\u00edtica<br \/> de Privacitat<\/h2>\n<p>[\/et_pb_text][et_pb_text admin_label=&#8221;Text&#8221; _builder_version=&#8221;4.27.4&#8243; text_font=&#8221;FolioStdBook||||||||&#8221; text_font_size=&#8221;20px&#8221; text_line_height=&#8221;1.2em&#8221; link_font=&#8221;||||on||||&#8221; link_text_color=&#8221;#FFD11B&#8221; background_size=&#8221;initial&#8221; background_position=&#8221;top_left&#8221; background_repeat=&#8221;repeat&#8221; hover_enabled=&#8221;0&#8243; text_font_size_tablet=&#8221;18px&#8221; text_font_size_phone=&#8221;16px&#8221; text_font_size_last_edited=&#8221;on|phone&#8221; text_line_height_phone=&#8221;1.2em&#8221; text_line_height_last_edited=&#8221;off|tablet&#8221; locked=&#8221;off&#8221; global_colors_info=&#8221;{}&#8221; link_text_color__hover_enabled=&#8221;on|hover&#8221; link_text_color__hover=&#8221;#005593&#8243; sticky_enabled=&#8221;0&#8243;]<\/p>\n<p>Aquesta Pol\u00edtica de Privacitat estableix els termes en qu\u00e8 Contemporanea Music Conciertos &amp; Festivales A.I.E., amb domicili al C\/ Ram\u00f3n y Cajal, 20A, 1\u00baB 07011 Palma \u2013 Illes Balears (Espanya), usa i protegeix la informaci\u00f3 que els seus usuaris proporcionen en utilitzar el seu lloc web.<\/p>\n<p>Aquesta companyia est\u00e0 compromesa amb la seguretat de les dades dels seus usuaris. Quan et demanem omplir els camps d&#8217;informaci\u00f3 personal amb la qual puguis ser identificat\/da, ho fem assegurant que nom\u00e9s s&#8217;emprar\u00e0 d&#8217;acord amb els termes d&#8217;aquest document. No obstant aix\u00f2, aquesta Pol\u00edtica de Privacitat pot canviar amb el temps o ser actualitzada, per aix\u00f2 et recomanem i emfasitzem que revisis cont\u00ednuament aquesta p\u00e0gina per assegurar-te que est\u00e0s d&#8217;acord amb aquests canvis.<\/p>\n<h2>Informaci\u00f3 que es recull:<\/h2>\n<p>El nostre lloc web podr\u00e0 recollir informaci\u00f3 personal, per exemple: Nom, informaci\u00f3 de contacte com la teva adre\u00e7a de correu electr\u00f2nic i informaci\u00f3 demogr\u00e0fica. Aix\u00ed mateix, quan sigui necessari, es podr\u00e0 requerir informaci\u00f3 espec\u00edfica per processar alguna comanda o realitzar una entrega o facturaci\u00f3.<\/p>\n<h2>\u00das de la informaci\u00f3 recollida:<\/h2>\n<p>El nostre lloc web fa servir la informaci\u00f3 per tal de proporcionar el millor servei possible, particularment per mantenir un registre d&#8217;usuaris, de comandes en cas que s&#8217;apliqui, i millorar els nostres productes i serveis. \u00c9s possible que s&#8217;envi\u00efn correus electr\u00f2nics peri\u00f2dicament a trav\u00e9s del nostre lloc amb ofertes especials, nous productes i altra informaci\u00f3 publicit\u00e0ria que considerem rellevant per a tu o que et pugui proporcionar algun benefici. Aquests correus es remetran a l&#8217;adre\u00e7a que proporcionis i podr\u00e0s cancel\u00b7lar la subscripci\u00f3 en qualsevol moment.<\/p>\n<p>Contemporanea Music Conciertos &amp; Festivales A.I.E., amb domicili al C\/ Ram\u00f3n y Cajal, 20A, 1\u00baB 07011 Palma \u2013 Illes Balears (Espanya), est\u00e0 altament compromesa a complir amb l&#8217;obligaci\u00f3 de mantenir la teva informaci\u00f3 segura. Fem servir els sistemes m\u00e9s avan\u00e7ats i els actualitzem constantment per evitar qualsevol acc\u00e9s no autoritzat.<\/p>\n<h2>Cookies:<\/h2>\n<p>Una cookie \u00e9s un fitxer que es descarrega amb la finalitat de demanar perm\u00eds per ser emmagatzemat al teu ordinador. Acceptant aquest fitxer, la cookie es crea i serveix per tenir informaci\u00f3 relativa al tr\u00e0nsit web, i tamb\u00e9 facilita futures visites a un lloc web recurrent. Una altra funci\u00f3 de les cookies \u00e9s que els llocs web puguin recon\u00e8ixer-te individualment i aix\u00ed proporcionar-te el millor servei personalitzat del seu lloc.<\/p>\n<p>El nostre lloc web utilitza cookies per identificar les p\u00e0gines que es visiten i la freq\u00fc\u00e8ncia. Aquesta informaci\u00f3 s&#8217;utilitza \u00fanicament per a an\u00e0lisis estad\u00edstiques i posteriorment s&#8217;elimina de forma permanent. Pots eliminar les cookies en qualsevol moment des del teu ordinador. No obstant aix\u00f2, les cookies ajuden a proporcionar un millor servei a les p\u00e0gines web; aquestes no donen acc\u00e9s a la informaci\u00f3 del teu ordinador ni a informaci\u00f3 sobre tu, a no ser que tu mateix\/a la proporcionis volunt\u00e0riament mitjan\u00e7ant la visita a un lloc web. Pots acceptar o rebutjar l&#8217;\u00fas de cookies; no obstant aix\u00f2, la majoria de navegadors accepten cookies autom\u00e0ticament ja que aix\u00f2 ajuda a oferir un millor servei web. Tamb\u00e9 pots modificar la configuraci\u00f3 del teu ordinador per rebutjar les cookies. Si rebutges les cookies, \u00e9s possible que no puguis utilitzar alguns dels nostres serveis.<\/p>\n<h2>Enlla\u00e7os a tercers:<\/h2>\n<p>Aquest lloc web pot contenir enlla\u00e7os a altres llocs que puguin ser del teu inter\u00e8s. Un cop clics aquests enlla\u00e7os i surtis de la nostra p\u00e0gina, ja no tenim control sobre el lloc on eres redirigit, i per tant no ens fem responsables dels termes, privacitat o protecci\u00f3 de dades d&#8217;aquests llocs de tercers. Aquests llocs estan subjectes a les seves pr\u00f2pies pol\u00edtiques de privacitat, per la qual cosa es recomana revisar-les per confirmar que est\u00e0s d&#8217;acord amb elles.<\/p>\n<h2>Control de la teva informaci\u00f3 personal:<\/h2>\n<p>Pots restringir la recopilaci\u00f3 o \u00fas de la informaci\u00f3 personal proporcionada al nostre lloc web en qualsevol moment. Quan se&#8217;t demani omplir un formulari, com ara el registre d&#8217;usuari, pots marcar o desmarcar l&#8217;opci\u00f3 de rebre informaci\u00f3 per correu electr\u00f2nic. Si has marcat l&#8217;opci\u00f3 de rebre el nostre butllet\u00ed o publicitat, pots cancel\u00b7lar la subscripci\u00f3 en qualsevol moment.<\/p>\n<p>Aquesta companyia no vendr\u00e0, transferir\u00e0 ni distribuir\u00e0 la informaci\u00f3 personal recopilada sense el teu consentiment, excepte si ho exigeix un jutge amb una ordre judicial.<\/p>\n<p>Contemporanea Music Conciertos &amp; Festivales A.I.E., amb domicili al C\/ Ram\u00f3n y Cajal, 20A, 1\u00baB 07011 Palma \u2013 Illes Balears (Espanya), amb NIF V16660037.<\/p>\n<p>Correu general: <a href=\"mailto:Tickets@contemporaneamusic.com\">Tickets@contemporaneamusic.com<\/a><\/p>\n<h2>ACC\u00c9S AL RECINTE<\/h2>\n<p>Per accedir al recinte \u00e9s imprescindible mostrar l&#8217;entrada, que ser\u00e0 escanejada per a la comprovaci\u00f3. Cal identificar-se amb el DNI si ho requereix l&#8217;Organitzaci\u00f3.<\/p>\n<p>L&#8217;Organitzaci\u00f3 no garanteix l&#8217;autenticitat de l&#8217;entrada si no ha estat adquirida a trav\u00e9s dels punts de venda oficials. No est\u00e0 permesa la reventa d&#8217;entrades. L&#8217;organitzaci\u00f3 del Festival no es fa responsable en cas de p\u00e8rdua o robatori de l&#8217;entrada.<\/p>\n<p>El posse\u00efdor de l&#8217;entrada ser\u00e0 responsable si es fa una c\u00f2pia de l&#8217;entrada.<\/p>\n<p>L&#8217;organitzador denegar\u00e0 l&#8217;entrada al recinte si es donen alguna de les seg\u00fcents circumst\u00e0ncies:<\/p>\n<p>a) L&#8217;entrada est\u00e0 incompleta, esmenada, trencada o presenta signes de falsificaci\u00f3.<br \/>b) El posse\u00efdor mostri comportaments violents o inciti p\u00fablicament a l&#8217;odi, viol\u00e8ncia o discriminaci\u00f3 per naixement, ra\u00e7a, sexe, religi\u00f3, opini\u00f3, discapacitat, orientaci\u00f3 sexual, identitat de g\u00e8nere o qualsevol altra condici\u00f3 social o personal, especialment si el posse\u00efdor actua de manera agressiva o causa aldarulls dins o a l&#8217;entrada, porta armes o objectes que puguin ser utilitzats com a tals, o porta roba, objectes o s\u00edmbols que incitin a la viol\u00e8ncia o promoguin activitats contr\u00e0ries a drets fonamentals reconeguts per la llei i la Constituci\u00f3.<br \/>c) El posse\u00efdor mostri s\u00edmptomes d&#8217;intoxicaci\u00f3 o de consum o haver consumit drogues o subst\u00e0ncies narc\u00f2tiques.<\/p>\n<p>L&#8217;exercici del dret d&#8217;admissi\u00f3 no suposar\u00e0, en cap cas, la denegaci\u00f3 d&#8217;entrada per naixement, ra\u00e7a, sexe, religi\u00f3, opini\u00f3, discapacitat, orientaci\u00f3 sexual, identitat de g\u00e8nere o qualsevol altra condici\u00f3 personal o social.<\/p>\n<p>En accedir al recinte el p\u00fablic pot ser objecte d&#8217;una inspecci\u00f3 d&#8217;acord amb la normativa vigent. No est\u00e0 permesa l&#8217;entrada d&#8217;objectes considerats perillosos per l&#8217;Organitzaci\u00f3 o prohibits per la normativa vigent. Tampoc est\u00e0 permesa l&#8217;entrada de cap tipus de begudes dins el recinte.<\/p>\n<p>L&#8217;organitzador podr\u00e0 denegar l&#8217;entrada o expulsar el posse\u00efdor de l&#8217;entrada del recinte en cas d&#8217;incompliment de les instruccions del personal de l&#8217;Organitzaci\u00f3, o si es pot presumir raonablement que es pugui produir una situaci\u00f3 de risc o perill per a la persona o altres assistents, o per estat aparent o potencial d&#8217;intoxicaci\u00f3. El posse\u00efdor ser\u00e0 responsable personalment en tot cas de les seves accions o omissions si causen danys a tercers o als b\u00e9ns.<br \/>La possecci\u00f3 de l&#8217;entrada no atorga al posse\u00efdor ni a tercers el dret d&#8217;usar l&#8217;entrada ni el seu contingut per a finalitats publicit\u00e0ries, comercials o promocionals (incloses activitats de concurs, regals i\/o sortejos) relacionades amb el posse\u00efdor de l&#8217;entrada o tercers.<\/p>\n<p>L&#8217;incompliment d&#8217;aquesta secci\u00f3 obligar\u00e0 l&#8217;anunciant i\/o usuari no autoritzat a respondre dels danys ocasionats.<\/p>\n<p>Aquestes activitats seran rastrejades a Internet per establir la responsabilitat corresponent.<\/p>\n<h2>MENORS<\/h2>\n<p>L&#8217;organitzaci\u00f3 informa que la legislaci\u00f3 vigent prohibeix expressament l&#8217;entrada de menors d&#8217;edat a l&#8217;esdeveniment.<\/p>\n<h2>COOKIES<\/h2>\n<p>Navegant per aquest lloc web acceptes la instal\u00b7laci\u00f3 de cookies. Consulta la nostra pol\u00edtica de cookies.<\/p>\n<h2>DRETS D&#8217;IMATGE I PROPIETAT INTELECTUAL<\/h2>\n<p>El posse\u00efdor de l&#8217;entrada reconeix que pot apar\u00e8ixer en imatges preses dins dels recintes per diversos mitjans amb finalitat informativa o promocional posterior i autoritza aquesta utilitzaci\u00f3, que ser\u00e0 responsabilitat de cada mitj\u00e0.<\/p>\n<p>En el cas d&#8217;imatges recollides per Contemporanea Music Conciertos &amp; Festivales, aquestes dades seran tractades d&#8217;acord amb la pol\u00edtica de privacitat ja definida.<\/p>\n<p>Tots els drets d&#8217;imatge i propietat intel\u00b7lectual estan reservats. Es prohibeix tota filmaci\u00f3, gravaci\u00f3 o reproducci\u00f3 dins dels recintes sense l&#8217;autoritzaci\u00f3 expressa de l&#8217;Organitzaci\u00f3.<\/p>\n<p>Aquestes accions poden comportar responsabilitats penals o civils per danys.<\/p>\n<h2>VIGIL\u00c0NCIA AMB C\u00c0MERES<\/h2>\n<p>El promotor de l&#8217;esdeveniment o, si escau, el gestor de l&#8217;espai p\u00fablic CONTROLAR\u00c0 tot el recinte mitjan\u00e7ant v\u00eddeo.<\/p>\n<p>En aquest sentit s&#8217;informa que qualsevol gravaci\u00f3 de v\u00eddeo podr\u00e0 ser utilitzada com a prova d&#8217;una conducta il\u00b7l\u00edcita o d&#8217;uns danys que es puguin acreditar, tant a les persones com als b\u00e9ns.<\/p>\n<p>Dades autom\u00e0ticament facilitades a autoritats judicials o policials.<\/p>\n<p>Les imatges estan subjectes a la pol\u00edtica de privacitat ja definida.<\/p>\n<h2>PROTECCI\u00d3 DE DADES DE TERCERS<\/h2>\n<p>Si facilites dades d&#8217;una persona acompanyant, est\u00e0s obligat\/da a informar-la i obtenir-ne el seu consentiment per al tractament de les seves dades, subjectes a la nostra pol\u00edtica de privacitat, que apareix al formulari de registre.<\/p>\n<h2>FORMULARIS DE CONSULTES I RECLAMACIONS<\/h2>\n<p>En cas de dubte o consulta, es disposa d&#8217;informaci\u00f3 a la web del Festival. Les persones interessades poden sol\u00b7licitar els formularis de reclamacions per correu electr\u00f2nic, que tamb\u00e9 estaran disponibles al recinte del Festival i al nostre domicili social.<\/p>\n<h2>EXONERACI\u00d3 DE RESPONSABILITATS<\/h2>\n<p>En cas de devoluci\u00f3 d&#8217;entrada, no ens fem responsables de c\u00e0rrecs per compres efectuades a trav\u00e9s de sistemes de pagament en l\u00ednia o bancs.<\/p>\n<h2>ALTRES CONDICIONS<\/h2>\n<p>L&#8217;usuari accepta que la legislaci\u00f3 aplicable \u00e9s la legislaci\u00f3 espanyola.<\/p>\n<p>L&#8217;idioma del contracte \u00e9s segons l&#8217;idioma triat.<\/p>\n<p>Aquest document d&#8217;acceptaci\u00f3 de condicions quedar\u00e0 arxivat al nostre sistema inform\u00e0tic. Durant un mes disposar\u00e0s d&#8217;acc\u00e9s a les nostres dades, per tal que puguis imprimir-lo i guardar-lo al teu sistema inform\u00e0tic.<\/p>\n<p>Contemporanea Music Conciertos &amp; Festivales podr\u00e0 cancel\u00b7lar o modificar qualsevol de les condicions anteriors, en qu\u00e8 cas comunicar\u00e0 als assistents per correu electr\u00f2nic, per la qual cosa s&#8217;haur\u00e0 de comprovar peri\u00f2dicament. Tamb\u00e9 informar\u00e0 pels canals que consideri oportuns.<\/p>\n<p>Contemporanea Music Conciertos &amp; Festivales A.I.E NIF V16660037.<br \/>C\/ Ram\u00f3n y Cajal, 20A, 1\u00baB 07011 Palma \u2013 Illes Balears (Espanya)<br \/>Contacte: <a href=\"mailto:Tickets@contemporaneamusic.com\">Tickets@contemporaneamusic.com<\/a><\/p>\n<p>[\/et_pb_text][\/et_pb_column][\/et_pb_row][\/et_pb_section]<\/p>\n","protected":false},"excerpt":{"rendered":"<p>Pol\u00edtica de PrivacitatAquesta Pol\u00edtica de Privacitat estableix els termes en qu\u00e8 Contemporanea Music Conciertos &amp; Festivales A.I.E., amb domicili al C\/ Ram\u00f3n y Cajal, 20A, 1\u00baB 07011 Palma \u2013 Illes Balears (Espanya), usa i protegeix la informaci\u00f3 que els seus usuaris proporcionen en utilitzar el seu lloc web. Aquesta companyia est\u00e0 compromesa amb la seguretat [&hellip;]<\/p>\n","protected":false},"author":1,"featured_media":0,"parent":0,"menu_order":0,"comment_status":"closed","ping_status":"open","template":"","meta":{"_et_pb_use_builder":"on","_et_pb_old_content":"<!-- wp:heading -->\r\n<h2 class=\"wp-block-heading\">Who we are<\/h2>\r\n<!-- \/wp:heading -->\r\n<!-- wp:paragraph -->\r\n<p><strong class=\"privacy-policy-tutorial\">Suggested text: <\/strong>Our website address is: https:\/\/portadrianomusic.es.<\/p>\r\n<!-- \/wp:paragraph -->\r\n<!-- wp:heading -->\r\n<h2 class=\"wp-block-heading\">Comments<\/h2>\r\n<!-- \/wp:heading -->\r\n<!-- wp:paragraph -->\r\n<p><strong class=\"privacy-policy-tutorial\">Suggested text: <\/strong>When visitors leave comments on the site we collect the data shown in the comments form, and also the visitor\u2019s IP address and browser user agent string to help spam detection.<\/p>\r\n<!-- \/wp:paragraph -->\r\n<!-- wp:paragraph -->\r\n<p>An anonymized string created from your email address (also called a hash) may be provided to the Gravatar service to see if you are using it. The Gravatar service privacy policy is available here: https:\/\/automattic.com\/privacy\/. After approval of your comment, your profile picture is visible to the public in the context of your comment.<\/p>\r\n<!-- \/wp:paragraph -->\r\n<!-- wp:heading -->\r\n<h2 class=\"wp-block-heading\">Media<\/h2>\r\n<!-- \/wp:heading -->\r\n<!-- wp:paragraph -->\r\n<p><strong class=\"privacy-policy-tutorial\">Suggested text: <\/strong>If you upload images to the website, you should avoid uploading images with embedded location data (EXIF GPS) included. Visitors to the website can download and extract any location data from images on the website.<\/p>\r\n<!-- \/wp:paragraph -->\r\n<!-- wp:heading -->\r\n<h2 class=\"wp-block-heading\">Cookies<\/h2>\r\n<!-- \/wp:heading -->\r\n<!-- wp:paragraph -->\r\n<p><strong class=\"privacy-policy-tutorial\">Suggested text: <\/strong>If you leave a comment on our site you may opt-in to saving your name, email address and website in cookies. These are for your convenience so that you do not have to fill in your details again when you leave another comment. These cookies will last for one year.<\/p>\r\n<!-- \/wp:paragraph -->\r\n<!-- wp:paragraph -->\r\n<p>If you visit our login page, we will set a temporary cookie to determine if your browser accepts cookies. This cookie contains no personal data and is discarded when you close your browser.<\/p>\r\n<!-- \/wp:paragraph -->\r\n<!-- wp:paragraph -->\r\n<p>When you log in, we will also set up several cookies to save your login information and your screen display choices. Login cookies last for two days, and screen options cookies last for a year. If you select \"Remember Me\", your login will persist for two weeks. If you log out of your account, the login cookies will be removed.<\/p>\r\n<!-- \/wp:paragraph -->\r\n<!-- wp:paragraph -->\r\n<p>If you edit or publish an article, an additional cookie will be saved in your browser. This cookie includes no personal data and simply indicates the post ID of the article you just edited. It expires after 1 day.<\/p>\r\n<!-- \/wp:paragraph -->\r\n<!-- wp:heading -->\r\n<h2 class=\"wp-block-heading\">Embedded content from other websites<\/h2>\r\n<!-- \/wp:heading -->\r\n<!-- wp:paragraph -->\r\n<p><strong class=\"privacy-policy-tutorial\">Suggested text: <\/strong>Articles on this site may include embedded content (e.g. videos, images, articles, etc.). Embedded content from other websites behaves in the exact same way as if the visitor has visited the other website.<\/p>\r\n<!-- \/wp:paragraph -->\r\n<!-- wp:paragraph -->\r\n<p>These websites may collect data about you, use cookies, embed additional third-party tracking, and monitor your interaction with that embedded content, including tracking your interaction with the embedded content if you have an account and are logged in to that website.<\/p>\r\n<!-- \/wp:paragraph -->\r\n<!-- wp:heading -->\r\n<h2 class=\"wp-block-heading\">Who we share your data with<\/h2>\r\n<!-- \/wp:heading -->\r\n<!-- wp:paragraph -->\r\n<p><strong class=\"privacy-policy-tutorial\">Suggested text: <\/strong>If you request a password reset, your IP address will be included in the reset email.<\/p>\r\n<!-- \/wp:paragraph -->\r\n<!-- wp:heading -->\r\n<h2 class=\"wp-block-heading\">How long we retain your data<\/h2>\r\n<!-- \/wp:heading -->\r\n<!-- wp:paragraph -->\r\n<p><strong class=\"privacy-policy-tutorial\">Suggested text: <\/strong>If you leave a comment, the comment and its metadata are retained indefinitely. This is so we can recognize and approve any follow-up comments automatically instead of holding them in a moderation queue.<\/p>\r\n<!-- \/wp:paragraph -->\r\n<!-- wp:paragraph -->\r\n<p>For users that register on our website (if any), we also store the personal information they provide in their user profile. All users can see, edit, or delete their personal information at any time (except they cannot change their username). Website administrators can also see and edit that information.<\/p>\r\n<!-- \/wp:paragraph -->\r\n<!-- wp:heading -->\r\n<h2 class=\"wp-block-heading\">What rights you have over your data<\/h2>\r\n<!-- \/wp:heading -->\r\n<!-- wp:paragraph -->\r\n<p><strong class=\"privacy-policy-tutorial\">Suggested text: <\/strong>If you have an account on this site, or have left comments, you can request to receive an exported file of the personal data we hold about you, including any data you have provided to us. You can also request that we erase any personal data we hold about you. This does not include any data we are obliged to keep for administrative, legal, or security purposes.<\/p>\r\n<!-- \/wp:paragraph -->\r\n<!-- wp:heading -->\r\n<h2 class=\"wp-block-heading\">Where your data is sent<\/h2>\r\n<!-- \/wp:heading -->\r\n<!-- wp:paragraph -->\r\n<p><strong class=\"privacy-policy-tutorial\">Suggested text: <\/strong>Visitor comments may be checked through an automated spam detection service.<\/p>\r\n<!-- \/wp:paragraph -->\r\n","_et_gb_content_width":"1920","inline_featured_image":false,"footnotes":""},"difl_page_category":[],"class_list":["post-2404","page","type-page","status-publish","hentry"],"_links":{"self":[{"href":"https:\/\/portadrianomusic.es\/ca\/wp-json\/wp\/v2\/pages\/2404","targetHints":{"allow":["GET"]}}],"collection":[{"href":"https:\/\/portadrianomusic.es\/ca\/wp-json\/wp\/v2\/pages"}],"about":[{"href":"https:\/\/portadrianomusic.es\/ca\/wp-json\/wp\/v2\/types\/page"}],"author":[{"embeddable":true,"href":"https:\/\/portadrianomusic.es\/ca\/wp-json\/wp\/v2\/users\/1"}],"replies":[{"embeddable":true,"href":"https:\/\/portadrianomusic.es\/ca\/wp-json\/wp\/v2\/comments?post=2404"}],"version-history":[{"count":2,"href":"https:\/\/portadrianomusic.es\/ca\/wp-json\/wp\/v2\/pages\/2404\/revisions"}],"predecessor-version":[{"id":2546,"href":"https:\/\/portadrianomusic.es\/ca\/wp-json\/wp\/v2\/pages\/2404\/revisions\/2546"}],"wp:attachment":[{"href":"https:\/\/portadrianomusic.es\/ca\/wp-json\/wp\/v2\/media?parent=2404"}],"wp:term":[{"taxonomy":"difl_page_category","embeddable":true,"href":"https:\/\/portadrianomusic.es\/ca\/wp-json\/wp\/v2\/difl_page_category?post=2404"}],"curies":[{"name":"wp","href":"https:\/\/api.w.org\/{rel}","templated":true}]}}