{"id":2394,"date":"2025-04-30T13:10:22","date_gmt":"2025-04-30T13:10:22","guid":{"rendered":"https:\/\/portadrianomusic.es\/la-marina-de-stark\/"},"modified":"2025-05-30T11:21:51","modified_gmt":"2025-05-30T11:21:51","slug":"la-marina-de-stark","status":"publish","type":"page","link":"https:\/\/portadrianomusic.es\/de\/la-marina-de-stark\/","title":{"rendered":"La Marina de Stark"},"content":{"rendered":"<p>[et_pb_section fb_built=&#8220;1&#8243; _builder_version=&#8220;4.27.4&#8243; _module_preset=&#8220;default&#8220; background_image=&#8220;https:\/\/portadrianomusic.es\/wp-content\/uploads\/2025\/05\/ms-1.jpeg&#8220; da_disable_devices=&#8220;off|off|off&#8220; locked=&#8220;off&#8220; global_colors_info=&#8220;{}&#8220; da_is_popup=&#8220;off&#8220; da_exit_intent=&#8220;off&#8220; da_has_close=&#8220;on&#8220; da_alt_close=&#8220;off&#8220; da_dark_close=&#8220;off&#8220; da_not_modal=&#8220;on&#8220; da_is_singular=&#8220;off&#8220; da_with_loader=&#8220;off&#8220; da_has_shadow=&#8220;on&#8220;][et_pb_row _builder_version=&#8220;4.27.4&#8243; _module_preset=&#8220;default&#8220; global_colors_info=&#8220;{}&#8220;][et_pb_column type=&#8220;4_4&#8243; _builder_version=&#8220;4.27.4&#8243; _module_preset=&#8220;default&#8220; global_colors_info=&#8220;{}&#8220;][\/et_pb_column][\/et_pb_row][\/et_pb_section][et_pb_section fb_built=&#8220;1&#8243; _builder_version=&#8220;4.27.4&#8243; _module_preset=&#8220;default&#8220; background_color=&#8220;#EF7A31&#8243; custom_padding=&#8220;||||false|false&#8220; da_disable_devices=&#8220;off|off|off&#8220; global_colors_info=&#8220;{}&#8220; da_is_popup=&#8220;off&#8220; da_exit_intent=&#8220;off&#8220; da_has_close=&#8220;on&#8220; da_alt_close=&#8220;off&#8220; da_dark_close=&#8220;off&#8220; da_not_modal=&#8220;on&#8220; da_is_singular=&#8220;off&#8220; da_with_loader=&#8220;off&#8220; da_has_shadow=&#8220;on&#8220;][et_pb_row admin_label=&#8220;row&#8220; _builder_version=&#8220;4.27.4&#8243; background_size=&#8220;initial&#8220; background_position=&#8220;top_left&#8220; background_repeat=&#8220;repeat&#8220; positioning=&#8220;none&#8220; position_origin_a=&#8220;center_center&#8220; locked=&#8220;off&#8220; global_colors_info=&#8220;{}&#8220;][et_pb_column type=&#8220;4_4&#8243; _builder_version=&#8220;4.16&#8243; custom_padding=&#8220;|||&#8220; global_colors_info=&#8220;{}&#8220; custom_padding__hover=&#8220;|||&#8220;][et_pb_text _builder_version=&#8220;4.27.4&#8243; _module_preset=&#8220;default&#8220; header_2_font=&#8220;FolioStdBook||||||||&#8220; header_2_font_size=&#8220;70px&#8220; custom_margin=&#8220;||30px|||&#8220; hover_enabled=&#8220;0&#8243; header_2_font_size_tablet=&#8220;50px&#8220; header_2_font_size_phone=&#8220;30px&#8220; header_2_font_size_last_edited=&#8220;on|tablet&#8220; global_colors_info=&#8220;{}&#8220; sticky_enabled=&#8220;0&#8243;]<\/p>\n<div class=\"elementor-element elementor-element-29a1d445 elementor-widget elementor-widget-heading\" data-id=\"29a1d445\" data-element_type=\"widget\" data-widget_type=\"heading.default\">\n<div class=\"elementor-widget-container\">\n<h2 class=\"elementor-heading-title elementor-size-default\">Port Adriano, die Marina entworfen von Philippe Starck<\/h2>\n<\/div>\n<\/div>\n<p>[\/et_pb_text][\/et_pb_column][\/et_pb_row][et_pb_row column_structure=&#8220;1_2,1_2&#8243; admin_label=&#8220;row&#8220; _builder_version=&#8220;4.27.4&#8243; background_size=&#8220;initial&#8220; background_position=&#8220;top_left&#8220; background_repeat=&#8220;repeat&#8220; positioning=&#8220;none&#8220; position_origin_a=&#8220;center_center&#8220; locked=&#8220;off&#8220; global_colors_info=&#8220;{}&#8220;][et_pb_column type=&#8220;1_2&#8243; _builder_version=&#8220;4.16&#8243; custom_padding=&#8220;|||&#8220; global_colors_info=&#8220;{}&#8220; custom_padding__hover=&#8220;|||&#8220;][et_pb_text _builder_version=&#8220;4.27.4&#8243; _module_preset=&#8220;default&#8220; header_2_font=&#8220;FolioStdBook||||||||&#8220; header_2_font_size=&#8220;70px&#8220; custom_margin=&#8220;||30px|||&#8220; hover_enabled=&#8220;0&#8243; header_2_font_size_tablet=&#8220;50px&#8220; header_2_font_size_phone=&#8220;30px&#8220; header_2_font_size_last_edited=&#8220;on|tablet&#8220; global_colors_info=&#8220;{}&#8220; sticky_enabled=&#8220;0&#8243;]<\/p>\n<div class=\"elementor-element elementor-element-29a1d445 elementor-widget elementor-widget-heading\" data-id=\"29a1d445\" data-element_type=\"widget\" data-widget_type=\"heading.default\">\n<div class=\"elementor-widget-container\">\n<h2 class=\"elementor-heading-title elementor-size-default\">ein Muss f\u00fcr jeden Besucher <br \/>auf Mallorca<\/h2>\n<\/div>\n<\/div>\n<p>[\/et_pb_text][et_pb_text admin_label=&#8220;Text&#8220; _builder_version=&#8220;4.27.4&#8243; text_font=&#8220;FolioStdBook||||||||&#8220; text_font_size=&#8220;30px&#8220; text_line_height=&#8220;1.2em&#8220; background_size=&#8220;initial&#8220; background_position=&#8220;top_left&#8220; background_repeat=&#8220;repeat&#8220; hover_enabled=&#8220;0&#8243; text_font_size_tablet=&#8220;25px&#8220; text_font_size_phone=&#8220;20px&#8220; text_font_size_last_edited=&#8220;on|desktop&#8220; text_line_height_phone=&#8220;1.2em&#8220; text_line_height_last_edited=&#8220;off|tablet&#8220; global_colors_info=&#8220;{}&#8220; sticky_enabled=&#8220;0&#8243;]<\/p>\n<p>Port Adriano ist einer der modernsten H\u00e4fen im Mittelmeer und bietet eine au\u00dfergew\u00f6hnliche Basis f\u00fcr Yachten jeder Gr\u00f6\u00dfe \u2013 klein, mittel und gro\u00df.<\/p>\n<p>Ein einzigartiger Ort mit einem gro\u00dfen Angebot an Freizeit- und Gastronomieoptionen.<\/p>\n<\/p>\n<p>[\/et_pb_text][\/et_pb_column][et_pb_column type=&#8220;1_2&#8243; _builder_version=&#8220;4.16&#8243; custom_padding=&#8220;|||&#8220; global_colors_info=&#8220;{}&#8220; custom_padding__hover=&#8220;|||&#8220;][difl_imagecarousel item_desktop=&#8220;1&#8243; item_tablet=&#8220;1&#8243; item_spacing=&#8220;0px&#8220; loop=&#8220;on&#8220; arrow=&#8220;on&#8220; ic_equal_height=&#8220;on&#8220; ic_full_width=&#8220;on&#8220; arrow_color=&#8220;#FFD11B&#8220; arrow_background=&#8220;#EF7A31&#8243; _builder_version=&#8220;4.27.4&#8243; _module_preset=&#8220;default&#8220; locked=&#8220;off&#8220; global_colors_info=&#8220;{}&#8220;][difl_imagecarouselitem image=&#8220;https:\/\/portadrianomusic.es\/wp-content\/uploads\/2025\/05\/ms-1.jpeg&#8220; ic_button_button_url_new_window=&#8220;1&#8243; _builder_version=&#8220;4.27.4&#8243; _module_preset=&#8220;default&#8220; global_colors_info=&#8220;{}&#8220;][\/difl_imagecarouselitem][difl_imagecarouselitem image=&#8220;https:\/\/portadrianomusic.es\/wp-content\/uploads\/2025\/05\/ms-2.jpeg&#8220; ic_button_button_url_new_window=&#8220;1&#8243; _builder_version=&#8220;4.27.4&#8243; _module_preset=&#8220;default&#8220; global_colors_info=&#8220;{}&#8220;][\/difl_imagecarouselitem][difl_imagecarouselitem image=&#8220;https:\/\/portadrianomusic.es\/wp-content\/uploads\/2025\/05\/ms-3.jpeg&#8220; ic_button_button_url_new_window=&#8220;1&#8243; _builder_version=&#8220;4.27.4&#8243; _module_preset=&#8220;default&#8220; global_colors_info=&#8220;{}&#8220;][\/difl_imagecarouselitem][difl_imagecarouselitem image=&#8220;https:\/\/portadrianomusic.es\/wp-content\/uploads\/2025\/05\/ms-4.jpeg&#8220; ic_button_button_url_new_window=&#8220;1&#8243; _builder_version=&#8220;4.27.4&#8243; _module_preset=&#8220;default&#8220; global_colors_info=&#8220;{}&#8220;][\/difl_imagecarouselitem][difl_imagecarouselitem image=&#8220;https:\/\/portadrianomusic.es\/wp-content\/uploads\/2025\/05\/ms-5.jpeg&#8220; ic_button_button_url_new_window=&#8220;1&#8243; _builder_version=&#8220;4.27.4&#8243; _module_preset=&#8220;default&#8220; global_colors_info=&#8220;{}&#8220;][\/difl_imagecarouselitem][\/difl_imagecarousel][\/et_pb_column][\/et_pb_row][et_pb_row admin_label=&#8220;row&#8220; _builder_version=&#8220;4.27.4&#8243; background_size=&#8220;initial&#8220; background_position=&#8220;top_left&#8220; background_repeat=&#8220;repeat&#8220; positioning=&#8220;none&#8220; position_origin_a=&#8220;center_center&#8220; custom_padding=&#8220;0px||80px|||&#8220; locked=&#8220;off&#8220; global_colors_info=&#8220;{}&#8220;][et_pb_column type=&#8220;4_4&#8243; _builder_version=&#8220;4.16&#8243; custom_padding=&#8220;|||&#8220; global_colors_info=&#8220;{}&#8220; custom_padding__hover=&#8220;|||&#8220;][et_pb_text admin_label=&#8220;Text&#8220; _builder_version=&#8220;4.27.4&#8243; text_font=&#8220;FolioStdBook||||||||&#8220; text_font_size=&#8220;30px&#8220; text_line_height=&#8220;1.2em&#8220; link_text_color=&#8220;#FFD11B&#8220; ul_line_height=&#8220;1.1em&#8220; ol_line_height=&#8220;1.1em&#8220; background_size=&#8220;initial&#8220; background_position=&#8220;top_left&#8220; background_repeat=&#8220;repeat&#8220; hover_enabled=&#8220;0&#8243; text_font_size_tablet=&#8220;25px&#8220; text_font_size_phone=&#8220;20px&#8220; text_font_size_last_edited=&#8220;on|desktop&#8220; text_line_height_phone=&#8220;1.2em&#8220; text_line_height_last_edited=&#8220;off|tablet&#8220; global_colors_info=&#8220;{}&#8220; link_text_color__hover_enabled=&#8220;on|hover&#8220; link_text_color__hover=&#8220;#005593&#8243; sticky_enabled=&#8220;0&#8243;]<\/p>\n<p><strong>Design und Innovation als grundlegende S\u00e4ulen von Port Adriano<\/strong><\/p>\n<p>Port Adriano wurde 1974 gegr\u00fcndet und 2012 vom renommierten franz\u00f6sischen Architekten Philippe Starck erweitert, wodurch es zur modernsten Marina im Mittelmeer wurde. Seine strategische Lage an der S\u00fcdwestk\u00fcste Mallorcas und die innovative Ausstattung machen Port Adriano zu einem Referenzhafen f\u00fcr anspruchsvollste Eigner, da es eine der wenigen Marinas ist, die Yachten von bis zu 100 Metern L\u00e4nge beherbergen kann. Im vergangenen Jahr wurde der Weg, der die beiden Einkaufsbereiche verbindet, mit einem breiten und angenehmen Spaziergang entlang der Boote neu gestaltet.<\/p>\n<p><strong>Ein exzellentes Programm an Veranstaltungen und Freizeitaktivit\u00e4ten<\/strong><\/p>\n<p>Das ganze Jahr \u00fcber bietet Port Adriano ein vielf\u00e4ltiges Veranstaltungsprogramm f\u00fcr alle Zielgruppen, das auf die Freude der Inselbewohner, der Crews und der tausenden Touristen ausgerichtet ist, die Mallorca auf der Suche nach hochwertiger Freizeit in einer idyllischen Umgebung besuchen.<\/p>\n<p>Mit \u00fcber 3.000 m\u00b2 Fl\u00e4che war es bereits Schauplatz gro\u00dfer nationaler und internationaler Konzerte, Sportveranstaltungen, Wettbewerbe und Aktivit\u00e4ten f\u00fcr alle Altersgruppen.<\/p>\n<p>Port Adriano z\u00e4hlt weiterhin zu den herausragendsten Freizeitorten der Insel und veranstaltet erfolgreiche und etablierte Events wie das Port Adriano Music Festival, Street Food Festivals, Yoga-Masterclasses, Regatten, Aftersun Market und Mallorca Classic Week, unter anderem.<\/p>\n<p>Dar\u00fcber hinaus bietet Port Adriano eine breite Auswahl an erstklassigen Restaurants, die eine vielf\u00e4ltige gastronomische Palette f\u00fcr jeden Geschmack und Besucher bieten. Erg\u00e4nzend zu den kulinarischen Aktivit\u00e4ten ist das Street Food Festival hervorzuheben.<\/p>\n<p><strong>Vielseitige Einrichtungen<\/strong><\/p>\n<p>Qualit\u00e4t, Innovation und Technologie zeichnen die Einrichtungen von Port Adriano aus, die darauf ausgelegt sind, den Bed\u00fcrfnissen von Crews, Passagieren und Besuchern gerecht zu werden.<\/p>\n<p>Ein breites Angebot an Services mit der Exzellenz, die Port Adriano stets anstrebt.<\/p>\n<ul>\n<li>Gewerbezone mit Boutiquen und Restaurants in verschiedenen Atmosph\u00e4ren.<\/li>\n<li>Neueste Technologien angewandt in der Marina.<\/li>\n<li>Fitnessstudio f\u00fcr Crew und Kunden.<\/li>\n<li>Kraftstofftankservice an der Anlegestelle.<\/li>\n<li>Grundlegende Dienstleistungen: Bank, Supermarkt und Yachtversorgung.<\/li>\n<li>Tauchschule.<\/li>\n<li>Segelschule.<\/li>\n<li>Shuttleservice f\u00fcr die Crew.<\/li>\n<li>Technische Werft f\u00fcr Bootsreparaturen.<\/li>\n<li>Veranstaltungsraum f\u00fcr nautische, sportliche, gesch\u00e4ftliche oder Mode-Events.<\/li>\n<\/ul>\n<p>[\/et_pb_text][et_pb_button button_url=&#8220;https:\/\/www.portadriano.com\/&#8220; url_new_window=&#8220;on&#8220; button_text=&#8220;PORT ADRIANO&#8220; _builder_version=&#8220;4.27.4&#8243; _module_preset=&#8220;default&#8220; custom_button=&#8220;on&#8220; button_text_color=&#8220;#FFD11B&#8220; button_border_radius=&#8220;0px&#8220; button_use_icon=&#8220;off&#8220; custom_padding=&#8220;20px|45px|20px|45px|true|true&#8220; custom_padding_tablet=&#8220;20px|45px|20px|45px|true|true&#8220; custom_padding_phone=&#8220;15px|40px|15px|40px|true|true&#8220; custom_padding_last_edited=&#8220;on|phone&#8220; locked=&#8220;off&#8220; global_colors_info=&#8220;{}&#8220; button_text_color__hover_enabled=&#8220;on|hover&#8220; button_text_color__hover=&#8220;#EF7A31&#8243; button_bg_color__hover_enabled=&#8220;on|hover&#8220; button_bg_color__hover=&#8220;#FFD11B&#8220; button_bg_enable_color__hover=&#8220;on&#8220; button_border_color__hover_enabled=&#8220;on|hover&#8220; button_border_color__hover=&#8220;#FFD11B&#8220;][\/et_pb_button][\/et_pb_column][\/et_pb_row][\/et_pb_section]<\/p>\n","protected":false},"excerpt":{"rendered":"<p>Port Adriano, die Marina entworfen von Philippe Starck ein Muss f\u00fcr jeden Besucher auf Mallorca Port Adriano ist einer der modernsten H\u00e4fen im Mittelmeer und bietet eine au\u00dfergew\u00f6hnliche Basis f\u00fcr Yachten jeder Gr\u00f6\u00dfe \u2013 klein, mittel und gro\u00df. Ein einzigartiger Ort mit einem gro\u00dfen Angebot an Freizeit- und Gastronomieoptionen. <div class=\"et_pb_module difl_imagecarousel difl_imagecarousel_0\">\n\t\t\t\t\n\t\t\t\t\n\t\t\t\t\n\t\t\t\t\n\t\t\t\t\n\t\t\t\t\n\t\t\t\t<div class=\"et_pb_module_inner\">\n\t\t\t\t\t<h2 style=\"background:#eee; padding: 10px 20px;\">Please <strong>Add New Image Item.<\/strong><\/h2>\n\t\t\t\t<\/div>\n\t\t\t<\/div><\/p>\n","protected":false},"author":1,"featured_media":0,"parent":0,"menu_order":0,"comment_status":"closed","ping_status":"closed","template":"","meta":{"_et_pb_use_builder":"on","_et_pb_old_content":"","_et_gb_content_width":"","inline_featured_image":false,"footnotes":""},"difl_page_category":[],"class_list":["post-2394","page","type-page","status-publish","hentry"],"_links":{"self":[{"href":"https:\/\/portadrianomusic.es\/de\/wp-json\/wp\/v2\/pages\/2394","targetHints":{"allow":["GET"]}}],"collection":[{"href":"https:\/\/portadrianomusic.es\/de\/wp-json\/wp\/v2\/pages"}],"about":[{"href":"https:\/\/portadrianomusic.es\/de\/wp-json\/wp\/v2\/types\/page"}],"author":[{"embeddable":true,"href":"https:\/\/portadrianomusic.es\/de\/wp-json\/wp\/v2\/users\/1"}],"replies":[{"embeddable":true,"href":"https:\/\/portadrianomusic.es\/de\/wp-json\/wp\/v2\/comments?post=2394"}],"version-history":[{"count":1,"href":"https:\/\/portadrianomusic.es\/de\/wp-json\/wp\/v2\/pages\/2394\/revisions"}],"predecessor-version":[{"id":2522,"href":"https:\/\/portadrianomusic.es\/de\/wp-json\/wp\/v2\/pages\/2394\/revisions\/2522"}],"wp:attachment":[{"href":"https:\/\/portadrianomusic.es\/de\/wp-json\/wp\/v2\/media?parent=2394"}],"wp:term":[{"taxonomy":"difl_page_category","embeddable":true,"href":"https:\/\/portadrianomusic.es\/de\/wp-json\/wp\/v2\/difl_page_category?post=2394"}],"curies":[{"name":"wp","href":"https:\/\/api.w.org\/{rel}","templated":true}]}}